{"id":3560,"date":"2025-10-26T10:39:35","date_gmt":"2025-10-26T09:39:35","guid":{"rendered":"https:\/\/cosmos-culture-ecologie.com\/?page_id=3560"},"modified":"2025-11-25T19:57:13","modified_gmt":"2025-11-25T18:57:13","slug":"cosmologies","status":"publish","type":"page","link":"https:\/\/cosmos-culture-ecologie.com\/?page_id=3560","title":{"rendered":"Cosmologies, chanson et po\u00e9sie"},"content":{"rendered":"\n<p><\/p>\n\n\n\n<p class=\"has-text-align-center has-medium-font-size\"><strong>Cosmologies<\/strong> &#8211; <strong>Chanson et po\u00e9sie autour du vivant<\/strong><\/p>\n\n\n\n<p class=\"has-text-align-center\">par Pauline De Boever, <\/p>\n\n\n\n<p class=\"has-text-align-center\">accompagn\u00e9e par Olivier Longre<\/p>\n\n\n\n<p class=\"has-text-align-center\">Une cr\u00e9ation musicale et po\u00e9tique, m\u00ealant chansons originales et lectures de po\u00e8mes et de textes<\/p>\n\n\n\n<p class=\"has-text-align-left has-small-font-size\"><strong>Prochaines dates : <\/strong><\/p>\n\n\n\n<p class=\"has-text-align-left has-small-font-size\"><strong>Mercredi 3 d\u00e9cembre \u00e0 20h<\/strong> (accueil d\u00e8s 19h30) en appartement (Lyon 7, M\u00e9tro Saxe-Gambetta). Inscriptions <a href=\"https:\/\/www.helloasso.com\/associations\/cosmos-culture-et-ecologie\/evenements\/cosmologies-chanson-et-poesie-autour-du-vivant\">ici<\/a>.<\/p>\n\n\n\n<p class=\"has-text-align-left has-small-font-size\"><strong>Mardi 13 janvier \u00e0 19h30 \u00e0 <a href=\"https:\/\/agendarts.wordpress.com\/scene-decouverte\/\">Agend&rsquo;Arts<\/a> <\/strong>(4 rue de Belfort, Lyon 4, M\u00e9tro Croix-Rousse)&nbsp;en format court (20min), au sein de la Soir\u00e9e Sc\u00e8ne D\u00e9couverte<\/p>\n\n\n\n<p class=\"has-text-align-left has-small-font-size\"><strong>Dans le cadre du <a href=\"https:\/\/www.magnifiqueprintemps.fr\/\">Magnifique Printemps<\/a>, organis\u00e9 par l&rsquo;<a href=\"https:\/\/espacepandora.org\/\">Espace Pandora<\/a><\/strong>, deux repr\u00e9sentations : <\/p>\n\n\n\n<p class=\"has-text-align-left has-small-font-size\"><strong>Jeudi 19 mars \u00e0 18h<\/strong> \u00e0 la <a href=\"https:\/\/bm-venissieux.fr\/\"><strong>M\u00e9diath\u00e8que Lucie Aubrac de V\u00e9nissieux<\/strong><\/a> (2\/4 avenue Marcel Hou\u00ebl, M\u00e9tro Gare de V\u00e9nissieux puis tram T4 arr\u00eat M. Hou\u00ebl H\u00f4tel de Ville) <\/p>\n\n\n\n<p class=\"has-text-align-left has-small-font-size\">et <strong>vendredi 20 mars \u00e0 19h au <a href=\"http:\/\/www.rita-plage.com\/concerts--spectacles.html\">Rita Plage<\/a><\/strong> (68 cours Tolsto\u00ef, Villeurbanne, M\u00e9tro R\u00e9publique ou Bus\u00a0<strong>C3<\/strong>\u00a0arr\u00eat\u00a0\u00ab\u00a0Institut d&rsquo;Art Contemporain\u00a0\u00bb) <\/p>\n\n\n\n<p class=\"has-text-align-center\" style=\"font-size:14px\"><strong>Toutes les informations sur la <a href=\"https:\/\/cosmos-culture-ecologie.com\/?page_id=3607\">page d\u00e9di\u00e9e au projet<\/a> <\/strong><\/p>\n\n\n\n<p><\/p>\n\n\n\n<p style=\"font-size:13px\"><strong>Autour de <em>Cosmologies<\/em> :<\/strong> <\/p>\n\n\n\n<p class=\"has-small-font-size\">En \u00e9cho \u00e0 cette cr\u00e9ation, nous proposons des <strong>ateliers Po\u00e9sie et cr\u00e9ation sonore <\/strong>pour tous les publics, ainsi qu&rsquo;une <strong>exposition<\/strong> de s\u00e9rigraphies d&rsquo;art sign\u00e9es Phileas Dog. Voir plus d&rsquo;informations <a href=\"https:\/\/cosmos-culture-ecologie.com\/?page_id=3596\">ici<\/a>.<\/p>\n\n\n\n<p style=\"font-size:12px\"><\/p>\n\n\n\n<p><\/p>\n","protected":false},"excerpt":{"rendered":"<p>Cosmologies &#8211; Chanson et po\u00e9sie autour du vivant par Pauline De Boever, accompagn\u00e9e par Olivier Longre Une cr\u00e9ation musicale et po\u00e9tique, m\u00ealant chansons originales et lectures de po\u00e8mes et de textes Prochaines dates : Mercredi 3 d\u00e9cembre \u00e0 20h (accueil d\u00e8s 19h30) en appartement (Lyon 7, M\u00e9tro Saxe-Gambetta). Inscriptions ici. Mardi 13 janvier \u00e0 19h30 &hellip; <a href=\"https:\/\/cosmos-culture-ecologie.com\/?page_id=3560\" class=\"more-link\">Continuer la lecture<span class=\"screen-reader-text\"> de &laquo;&nbsp;Cosmologies, chanson et po\u00e9sie&nbsp;&raquo;<\/span><\/a><\/p>\n","protected":false},"author":1,"featured_media":0,"parent":0,"menu_order":0,"comment_status":"closed","ping_status":"closed","template":"","meta":{"footnotes":""},"class_list":["post-3560","page","type-page","status-publish","hentry"],"_links":{"self":[{"href":"https:\/\/cosmos-culture-ecologie.com\/index.php?rest_route=\/wp\/v2\/pages\/3560","targetHints":{"allow":["GET"]}}],"collection":[{"href":"https:\/\/cosmos-culture-ecologie.com\/index.php?rest_route=\/wp\/v2\/pages"}],"about":[{"href":"https:\/\/cosmos-culture-ecologie.com\/index.php?rest_route=\/wp\/v2\/types\/page"}],"author":[{"embeddable":true,"href":"https:\/\/cosmos-culture-ecologie.com\/index.php?rest_route=\/wp\/v2\/users\/1"}],"replies":[{"embeddable":true,"href":"https:\/\/cosmos-culture-ecologie.com\/index.php?rest_route=%2Fwp%2Fv2%2Fcomments&post=3560"}],"version-history":[{"count":13,"href":"https:\/\/cosmos-culture-ecologie.com\/index.php?rest_route=\/wp\/v2\/pages\/3560\/revisions"}],"predecessor-version":[{"id":3629,"href":"https:\/\/cosmos-culture-ecologie.com\/index.php?rest_route=\/wp\/v2\/pages\/3560\/revisions\/3629"}],"wp:attachment":[{"href":"https:\/\/cosmos-culture-ecologie.com\/index.php?rest_route=%2Fwp%2Fv2%2Fmedia&parent=3560"}],"curies":[{"name":"wp","href":"https:\/\/api.w.org\/{rel}","templated":true}]}}