{"id":3268,"date":"2025-05-09T14:15:28","date_gmt":"2025-05-09T12:15:28","guid":{"rendered":"https:\/\/cosmos-culture-ecologie.com\/?page_id=3268"},"modified":"2025-06-05T12:23:29","modified_gmt":"2025-06-05T10:23:29","slug":"anita-conti-la-dame-de-la-mer","status":"publish","type":"page","link":"https:\/\/cosmos-culture-ecologie.com\/?page_id=3268","title":{"rendered":"Anita Conti, la Dame de la mer"},"content":{"rendered":"\n<p style=\"font-size:26px\"><strong>Lecture po\u00e9tique, film et rencontre<\/strong><\/p>\n\n\n\n<p style=\"font-size:15px\">Dans le cadre du Festival Entre Rh\u00f4ne et Sa\u00f4ne 2025<\/p>\n\n\n\n<p style=\"font-size:15px\">Samedi 28 juin \u00e0 14h \u00e0 l&rsquo;UGC Confluence<\/p>\n\n\n\n<p style=\"font-size:15px\">En pr\u00e9sence de Laurent Girault-Conti, fils adoptif d\u2019Anita Conti<\/p>\n\n\n\n<p class=\"has-text-align-center\" style=\"font-size:15px\"><a href=\"https:\/\/www.helloasso.com\/associations\/cosmos-culture-et-ecologie\/evenements\/anita-conti-la-dame-de-la-mer-poesie-film-et-rencontre\">Entr\u00e9e libre sur inscription ici<\/a><\/p>\n\n\n\n<p class=\"has-small-font-size\">Premi\u00e8re femme oc\u00e9anographe, aventuri\u00e8re, \u00e9crivaine, po\u00e9tesse, photographe, r\u00e9alisatrice, journaliste, pionni\u00e8re de l\u2019\u00e9cologie, lanceuse d\u2019alerte sur l\u2019exploitation des oc\u00e9ans et la surp\u00eache&#8230; Partons \u00e0 la rencontre d\u2019Anita Conti (1899-1997), une femme marquante du XX\u00e8me si\u00e8cle, au destin extraordinaire, et pourtant encore m\u00e9connue ! Au programme : lecture po\u00e9tique, projection et rencontre.<\/p>\n\n\n\n<p style=\"font-size:14px\"><\/p>\n\n\n\n<p style=\"font-size:14px\"><strong>Lecture po\u00e9tique \u00ab\u00a0Les Vaisseaux du Hasard \u00bb, po\u00e8mes d\u2019Anita Conti, par Laurent Girault-Conti (20min)<\/strong><\/p>\n\n\n\n<p class=\"has-small-font-size\">D\u00e9couverte d&rsquo;une facette inattendue et puissante de la cr\u00e9ativit\u00e9 d&rsquo;Anita Conti \u00e0 travers un montage de ses textes po\u00e9tiques, lus par&nbsp;Laurent Girault-Conti, en introduction de la s\u00e9ance. &nbsp;La po\u00e9sie \u00e9tait l\u2019une des grandes passions d\u2019Anita Conti. Un recueil de ses po\u00e9sies, supervis\u00e9 par Laurent Girault-Conti, est pr\u00e9vu pour l&rsquo;automne 2025.&nbsp;<\/p>\n\n\n\n<p style=\"font-size:14px\">Suivie de la projection de <\/p>\n\n\n\n<p style=\"font-size:14px\"><strong>Anita Conti, l\u2019appel du large<\/strong> de Fr\u00e9d\u00e9ric Brunnquell (Doc., Fr, 2024, 52min, CPB Films)<\/p>\n\n\n\n<p class=\"has-small-font-size\">Anita Conti est une grande aventuri\u00e8re, photographe et \u00e9crivaine du XXe&nbsp;si\u00e8cle. Elle s\u2019est \u00e9mancip\u00e9e d\u00e8s l\u2019avant-guerre de sa famille bourgeoise pour vivre l\u2019existence extr\u00eame et dangereuse des marins p\u00eacheurs. Elle embarque la premi\u00e8re fois en 1939 p\u00eacher le cabillaud au-del\u00e0 du cercle polaire. Pendant la Seconde Guerre mondiale, elle participe activement \u00e0 la lutte contre les mines allemandes puis organise la p\u00eache dans les colonies de l\u2019Afrique de l\u2019Ouest. Ses livres sont devenus des best-sellers toujours \u00e9dit\u00e9s, ses photos racontent les mille aventures d\u2019une femme libre. Elle laisse aussi une oeuvre extraordinaire de photographies et de films. <\/p>\n\n\n\n<p class=\"has-small-font-size\">Un documentaire beau et prenant, compos\u00e9 d\u2019images d\u2019archives, dont beaucoup de films et de photographies sign\u00e9es Anita Conti. Le film retrace le parcours hors du commun de cette femme hors normes. Le documentaire offre aussi un regard tr\u00e8s marquant sur la p\u00eache et son histoire, et permet de questionner notre rapport aux animaux marins et \u00e0 la p\u00eache.&nbsp;<\/p>\n\n\n\n<p style=\"font-size:11px\">Une production CPB Films, avec la participation de France T\u00e9l\u00e9visions, T\u00e9b\u00e9o &amp; T\u00e9b\u00e9sud et TVR.<\/p>\n\n\n\n<p style=\"font-size:14px\"><strong>La projection sera suivie d\u2019une rencontre avec Laurent Girault-Conti, anim\u00e9e par Pauline De Boever (Cosmos &#8211; culture et \u00e9cologie).&nbsp;<\/strong><\/p>\n\n\n\n<p style=\"font-size:12px\"><strong>UGC Confluence \u2013 112 cours Charlemagne \u2013 69002 Lyon<\/strong>. Tram Station H\u00f4tel de R\u00e9gion \u2013 ligne T1 et T2 ; Bus Station H\u00f4tel de R\u00e9gion \u2013 lignes S1 et 63 ; Pi\u00e9tons : Acc\u00e8s Entr\u00e9e Centre Commercial 112 Cours Charlemagne ; V\u00e9lov : Station H\u00f4tel de R\u00e9gion ; Voiture \/ Covoiturage : Parking Centre Commercial.<\/p>\n\n\n\n<p class=\"has-text-align-center\"><a href=\"https:\/\/www.helloasso.com\/associations\/cosmos-culture-et-ecologie\/evenements\/anita-conti-la-dame-de-la-mer-poesie-film-et-rencontre\">Entr\u00e9e libre sur inscription ici<\/a><\/p>\n\n\n\n<p><\/p>\n\n\n\n<p><strong>NOTRE INVIT\u00c9<\/strong><\/p>\n\n\n\n<p class=\"has-small-font-size\"><strong>Laurent Girault-Conti, fils adoptif d\u2019Anita Conti<\/strong>, plasticien, illustrateur, photographe, peintre, et passeur de l\u2019oeuvre d\u2019Anita Conti. Il contribue tr\u00e8s activement \u00e0 faire conna\u00eetre le travail d\u2019Anita Conti, depuis sa rencontre avec Anita Conti en 1986, \u00e0 travers livres, expositions, spectacles, lectures et interventions. Il a confi\u00e9 les archives d\u2019Anita Conti \u00e0 la Ville de Lorient en 2004.&nbsp;<\/p>\n\n\n\n<p><\/p>\n\n\n\n<p><strong>EN SAVOIR PLUS SUR ANITA CONTI<\/strong><\/p>\n\n\n\n<p class=\"has-small-font-size\">Anita Conti, l\u2019aventure en haute mer (<em>Le Cours de l\u2019histoire<\/em>, France Culture) : <a href=\"https:\/\/www.radiofrance.fr\/franceculture\/podcasts\/le-cours-de-l-histoire\/anita-conti-l-aventure-en-haute-mer-7593018\">https:\/\/www.radiofrance.fr\/franceculture\/podcasts\/le-cours-de-l-histoire\/anita-conti-l-aventure-en-haute-mer-7593018<\/a><\/p>\n\n\n\n<p class=\"has-small-font-size\">Anita Conti en 5min, sur France Culture : <a href=\"https:\/\/www.radiofrance.fr\/franceculture\/anita-conti-pionniere-de-l-oceanographie-9884569\">https:\/\/www.radiofrance.fr\/franceculture\/anita-conti-pionniere-de-l-oceanographie-9884569<\/a><\/p>\n\n\n\n<p class=\"has-small-font-size\"><strong><em>Anita Conti<\/em><\/strong>, bande dessin\u00e9e de Catel &amp; Bocquet (2024, Casterman)<\/p>\n\n\n\n<p><\/p>\n\n\n\n<p><strong>Les livres d\u2019Anita Conti :&nbsp;<\/strong><\/p>\n\n\n\n<p class=\"has-small-font-size\"><em>Racleurs d&rsquo;oc\u00e9ans<\/em>, Paris, 1953 (\u00e9d. Andr\u00e9 Bonne), 1993&nbsp;; \u00e9d. Payot &amp; Rivages, 1998&nbsp;<\/p>\n\n\n\n<p class=\"has-small-font-size\"><em>G\u00e9ants des mers chaudes<\/em>, Paris, 1957 (\u00e9d. Andr\u00e9 Bonne)&nbsp;; \u00e9d. Payot &amp; Rivages, 1997<\/p>\n\n\n\n<p class=\"has-small-font-size\"><em>L&rsquo;Oc\u00e9an, les B\u00eates et l&rsquo;Homme ou l&rsquo;ivresse du risque<\/em>, 1971 (\u00e9d. Andr\u00e9 Bonne)&nbsp;; \u00e9d. Payot &amp; Rivages, Paris, 1999<\/p>\n\n\n\n<p class=\"has-small-font-size\"><em>La route est si longue avant la nuit<\/em>&nbsp;(anthologie in\u00e9dite de l&rsquo;\u0153uvre po\u00e9tique d&rsquo;Anita Conti), F\u00e9camp, Coll\u00e8ge Jules Ferry, 1996<\/p>\n\n\n\n<p class=\"has-small-font-size\"><em>Les Terre-neuvas<\/em>, \u00e9d. du Ch\u00eane, Paris, 2004&nbsp;<\/p>\n\n\n\n<p class=\"has-small-font-size\"><em>Le Carnet viking &#8211; 70 jours en mer de Barents (juin-septembre 1939<\/em>), pr\u00e9face de Catherine Poulain, introduction de Laurent Girault-Conti, \u00e9d. Payot, Paris, 2018&nbsp;<\/p>\n\n\n\n<p class=\"has-small-font-size\"><em>Les Vaisseaux du Hasard<\/em>&nbsp;(po\u00e9sie), \u00e9ditions limit\u00e9e, 2020.<\/p>\n\n\n\n<p style=\"font-size:14px\"><\/p>\n\n\n\n<figure class=\"wp-block-gallery aligncenter has-nested-images columns-default is-cropped wp-block-gallery-1 is-layout-flex wp-block-gallery-is-layout-flex\">\n<figure class=\"wp-block-image size-full\"><img loading=\"lazy\" decoding=\"async\" width=\"691\" height=\"700\" data-id=\"3286\" src=\"https:\/\/cosmos-culture-ecologie.com\/wp-content\/uploads\/2025\/05\/Photo-2-panneau-bio-ducontenia-691x700-2.jpg\" alt=\"\" class=\"wp-image-3286\" srcset=\"https:\/\/cosmos-culture-ecologie.com\/wp-content\/uploads\/2025\/05\/Photo-2-panneau-bio-ducontenia-691x700-2.jpg 691w, https:\/\/cosmos-culture-ecologie.com\/wp-content\/uploads\/2025\/05\/Photo-2-panneau-bio-ducontenia-691x700-2-296x300.jpg 296w\" sizes=\"auto, (max-width: 691px) 85vw, 691px\" \/><\/figure>\n\n\n\n<figure class=\"wp-block-image size-full\"><img loading=\"lazy\" decoding=\"async\" width=\"1019\" height=\"1023\" data-id=\"3319\" src=\"https:\/\/cosmos-culture-ecologie.com\/wp-content\/uploads\/2025\/05\/24fi22443-Mer-agitee-lumiere.webp\" alt=\"\" class=\"wp-image-3319\" srcset=\"https:\/\/cosmos-culture-ecologie.com\/wp-content\/uploads\/2025\/05\/24fi22443-Mer-agitee-lumiere.webp 1019w, https:\/\/cosmos-culture-ecologie.com\/wp-content\/uploads\/2025\/05\/24fi22443-Mer-agitee-lumiere-300x300.webp 300w, https:\/\/cosmos-culture-ecologie.com\/wp-content\/uploads\/2025\/05\/24fi22443-Mer-agitee-lumiere-150x150.webp 150w, https:\/\/cosmos-culture-ecologie.com\/wp-content\/uploads\/2025\/05\/24fi22443-Mer-agitee-lumiere-768x771.webp 768w\" sizes=\"auto, (max-width: 709px) 85vw, (max-width: 909px) 67vw, (max-width: 1362px) 62vw, 840px\" \/><\/figure>\n\n\n\n<figure class=\"wp-block-image size-full\"><img loading=\"lazy\" decoding=\"async\" width=\"1000\" height=\"952\" data-id=\"3323\" src=\"https:\/\/cosmos-culture-ecologie.com\/wp-content\/uploads\/2025\/05\/12-3-Peche-miraculeuse-1.jpg\" alt=\"\" class=\"wp-image-3323\" srcset=\"https:\/\/cosmos-culture-ecologie.com\/wp-content\/uploads\/2025\/05\/12-3-Peche-miraculeuse-1.jpg 1000w, https:\/\/cosmos-culture-ecologie.com\/wp-content\/uploads\/2025\/05\/12-3-Peche-miraculeuse-1-300x286.jpg 300w, https:\/\/cosmos-culture-ecologie.com\/wp-content\/uploads\/2025\/05\/12-3-Peche-miraculeuse-1-768x731.jpg 768w\" sizes=\"auto, (max-width: 709px) 85vw, (max-width: 909px) 67vw, (max-width: 1362px) 62vw, 840px\" \/><figcaption class=\"wp-element-caption\"><br><\/figcaption><\/figure>\n<\/figure>\n\n\n\n<p><\/p>\n\n\n\n<p class=\"has-small-font-size\">Une programmation propos\u00e9e dans le cadre du Festival Entre Rh\u00f4ne et Sa\u00f4ne, organis\u00e9 par la Ville de Lyon, et rendue possible gr\u00e2ce \u00e0 cela. Merci \u00e0 la Ville de Lyon et \u00e0 l&rsquo;\u00e9quipe du festival. Vous pourrez retrouver le programme complet du festival <a href=\"https:\/\/entre-rhone-et-saone.fr\/\">ici<\/a>.<\/p>\n\n\n\n<figure class=\"wp-block-image size-large is-resized\"><img loading=\"lazy\" decoding=\"async\" width=\"1024\" height=\"1024\" src=\"https:\/\/cosmos-culture-ecologie.com\/wp-content\/uploads\/2025\/05\/BLOCMARQUE_FondFonce-1-1024x1024.jpg\" alt=\"\" class=\"wp-image-3345\" style=\"width:125px;height:auto\" srcset=\"https:\/\/cosmos-culture-ecologie.com\/wp-content\/uploads\/2025\/05\/BLOCMARQUE_FondFonce-1-1024x1024.jpg 1024w, https:\/\/cosmos-culture-ecologie.com\/wp-content\/uploads\/2025\/05\/BLOCMARQUE_FondFonce-1-300x300.jpg 300w, https:\/\/cosmos-culture-ecologie.com\/wp-content\/uploads\/2025\/05\/BLOCMARQUE_FondFonce-1-150x150.jpg 150w, https:\/\/cosmos-culture-ecologie.com\/wp-content\/uploads\/2025\/05\/BLOCMARQUE_FondFonce-1-768x768.jpg 768w, https:\/\/cosmos-culture-ecologie.com\/wp-content\/uploads\/2025\/05\/BLOCMARQUE_FondFonce-1.jpg 1135w\" sizes=\"auto, (max-width: 709px) 85vw, (max-width: 909px) 67vw, (max-width: 1362px) 62vw, 840px\" \/><\/figure>\n\n\n\n<p><\/p>\n","protected":false},"excerpt":{"rendered":"<p>Lecture po\u00e9tique, film et rencontre Dans le cadre du Festival Entre Rh\u00f4ne et Sa\u00f4ne 2025 Samedi 28 juin \u00e0 14h \u00e0 l&rsquo;UGC Confluence En pr\u00e9sence de Laurent Girault-Conti, fils adoptif d\u2019Anita Conti Entr\u00e9e libre sur inscription ici Premi\u00e8re femme oc\u00e9anographe, aventuri\u00e8re, \u00e9crivaine, po\u00e9tesse, photographe, r\u00e9alisatrice, journaliste, pionni\u00e8re de l\u2019\u00e9cologie, lanceuse d\u2019alerte sur l\u2019exploitation des oc\u00e9ans &hellip; <a href=\"https:\/\/cosmos-culture-ecologie.com\/?page_id=3268\" class=\"more-link\">Continuer la lecture<span class=\"screen-reader-text\"> de &laquo;&nbsp;Anita Conti, la Dame de la mer&nbsp;&raquo;<\/span><\/a><\/p>\n","protected":false},"author":1,"featured_media":0,"parent":0,"menu_order":0,"comment_status":"closed","ping_status":"closed","template":"","meta":{"footnotes":""},"class_list":["post-3268","page","type-page","status-publish","hentry"],"_links":{"self":[{"href":"https:\/\/cosmos-culture-ecologie.com\/index.php?rest_route=\/wp\/v2\/pages\/3268","targetHints":{"allow":["GET"]}}],"collection":[{"href":"https:\/\/cosmos-culture-ecologie.com\/index.php?rest_route=\/wp\/v2\/pages"}],"about":[{"href":"https:\/\/cosmos-culture-ecologie.com\/index.php?rest_route=\/wp\/v2\/types\/page"}],"author":[{"embeddable":true,"href":"https:\/\/cosmos-culture-ecologie.com\/index.php?rest_route=\/wp\/v2\/users\/1"}],"replies":[{"embeddable":true,"href":"https:\/\/cosmos-culture-ecologie.com\/index.php?rest_route=%2Fwp%2Fv2%2Fcomments&post=3268"}],"version-history":[{"count":12,"href":"https:\/\/cosmos-culture-ecologie.com\/index.php?rest_route=\/wp\/v2\/pages\/3268\/revisions"}],"predecessor-version":[{"id":3371,"href":"https:\/\/cosmos-culture-ecologie.com\/index.php?rest_route=\/wp\/v2\/pages\/3268\/revisions\/3371"}],"wp:attachment":[{"href":"https:\/\/cosmos-culture-ecologie.com\/index.php?rest_route=%2Fwp%2Fv2%2Fmedia&parent=3268"}],"curies":[{"name":"wp","href":"https:\/\/api.w.org\/{rel}","templated":true}]}}