{"id":3256,"date":"2025-05-06T08:53:06","date_gmt":"2025-05-06T06:53:06","guid":{"rendered":"https:\/\/cosmos-culture-ecologie.com\/?page_id=3256"},"modified":"2025-06-03T09:28:08","modified_gmt":"2025-06-03T07:28:08","slug":"cocagne-a-grandes-terres-en-fete","status":"publish","type":"page","link":"https:\/\/cosmos-culture-ecologie.com\/?page_id=3256","title":{"rendered":"Grandes Terres en F\u00eate au Fort de Feyzin"},"content":{"rendered":"\n<p><\/p>\n\n\n\n<p style=\"font-size:14px\">Samedi 7 juin \u00e0 16h30 au Fort de Feyzin<br>Acc\u00e8s libre,\u00a0<a href=\"https:\/\/www.ville-feyzin.fr\/actualites\/711-grandes-terres-en-fete-2\" target=\"_blank\" rel=\"noreferrer noopener\">inscription<\/a>\u00a0recommand\u00e9e <\/p>\n\n\n\n<p><\/p>\n\n\n\n<p style=\"font-size:18px\"><strong><strong>Randonn\u00e9e singuli\u00e8re : une d\u00e9ambulation naturaliste, g\u00e9ographe, po\u00e9tique et musical<\/strong>e<\/strong><\/p>\n\n\n\n<p><strong>Par la Compagnie Migrations et L\u2019Atelier des Confins.<\/strong><\/p>\n\n\n\n<p><strong>Th\u00e9\u00e2tre, musique, g\u00e9ographie et po\u00e9sie, 1h, pour tous les publics<\/strong><\/p>\n\n\n\n<p class=\"has-small-font-size\">Randonn\u00e9e singuli\u00e8re, d\u00e9ambulation sensible et sur-mesure au sein du Fort de Feyzin, en compagnie d\u2019un naturaliste-g\u00e9ographe, d\u2019une com\u00e9dienne-lectrice, et de musiciens &#8211; un clarinettiste et un joueur de guitare manouche. <\/p>\n\n\n\n<p class=\"has-small-font-size\">La musique r\u00e9sonne avec l\u2019espace environnant. Une com\u00e9dienne, offre ses po\u00e8mes aux arbres et au silence\u2026. Un scientifique raconte la grande histoire de la nature et de sa g\u00e9ographie, tout comme l\u2019histoire tumultueuse de la confluence entre humains et nature, entre nature, culture et \u00e9cologie&#8230;<\/p>\n\n\n\n<p class=\"has-small-font-size\">Nous vivons notre environnement d\u2019une fa\u00e7on extr\u00eamement sp\u00e9cialis\u00e9e. Que nous soyons promeneur, forestier ou agriculteur, nous ne percevons pas le m\u00eame territoire. Il est possible d\u2019\u00e9largir notre perception du monde, en ouvrant grand notre curiosit\u00e9 et nos sens, en croisant les regards.<br>Nos d\u00e9ambulations cherchent un dialogue entre toutes ces approches du monde du vivant, associant artistes, propos d\u2019\u00e9cologistes, de randonneurs ou de cueilleurs de champignons.<br>L\u2019\u00e9cologie y c\u00f4toie la po\u00e9sie, on passe de l\u2019observation du vivant \u00e0 la musique, du chant \u00e0 l\u2019explication de la formation g\u00e9ologique, un h\u00e9ron vient interrompre un po\u00e8me.<br>Un instant unique construit avec le lieu, le moment et les participants\u2026 On y trouve r\u00e9unis clarinette, chant, po\u00e9sie, et bruits de la nature.<\/p>\n\n\n\n<p class=\"has-small-font-size\">Par la <a href=\"http:\/\/cie-migrations.fr\/\">Compagnie Migrations<\/a>, en collaboration avec <a href=\"http:\/\/atelier-des-confins.fr\/\">L\u2019Atelier des confins<\/a>.<\/p>\n\n\n\n<p class=\"has-text-align-center\"><a href=\"https:\/\/www.ville-feyzin.fr\/actualites\/711-grandes-terres-en-fete-2\"><strong>Inscriptions<\/strong><\/a><\/p>\n\n\n\n<p><strong>Les intervenants :<\/strong><\/p>\n\n\n\n<p class=\"has-small-font-size\"><strong>Jean-Louis Michelot<\/strong>, g\u00e9ographe sensible et amoureux de la nature depuis l\u2019enfance, cherche \u00e0 vivre pleinement son contact avec le monde, par la connaissance (formation de g\u00e9ographie), l\u2019observation naturaliste, l\u2019action (travail dans le domaine de l\u2019\u00e9cologie appliqu\u00e9e), le contact physique (cano\u00eb, randonn\u00e9e \u2026), l\u2019\u00e9criture et les aventures humaines. Il est l\u2019animateur de l\u2019Atelier des Confins.<\/p>\n\n\n\n<p class=\"has-small-font-size\"><strong>Alice Robert<\/strong> est com\u00e9dienne \u00e0 la ville (compagnie Cassandre, Th\u00e9\u00e2tre Craie, etc.), mais aussi aux champs, aux fleuves et aux bois. Elle a r\u00e9alis\u00e9 diff\u00e9rentes collectes de t\u00e9moignages et ateliers d\u2019\u00e9criture avec restitutions th\u00e9\u00e2trales. Elle a accompagn\u00e9 toutes les exp\u00e9riences de la compagnie Migrations en faisant entendre in situ les mots des po\u00e8tes et des \u00e9crivains inspir\u00e9s par la nature.&nbsp;<\/p>\n\n\n\n<p class=\"has-small-font-size\"><strong>Evariste Champion, g\u00e9opo\u00e8te lib\u00e9r\u00e9&nbsp;(<\/strong><a href=\"http:\/\/cie-migrations.fr\/\"><strong>Compagnie Migrations<\/strong><\/a><strong>),&nbsp;<\/strong>est un musicien qui discute au son de la clarinette avec les loups du Vercors, un artiste qui conna\u00eet le nom des \u00e9toiles, un auteur impr\u00e9gn\u00e9 de l\u2019approche g\u00e9opo\u00e9tique de Kenneth White ou Jean Morisset. Son \u00e9nergie et sa capacit\u00e9 d\u2019improvisation entrainent le public \u00e0 se plonger r\u00e9solument dans l\u2019aventure&nbsp;!<\/p>\n\n\n\n<p class=\"has-small-font-size\"><strong>Paco<\/strong>, un second musicien dialoguera avec eux, au son de sa guitare manouche.<\/p>\n\n\n\n<p class=\"has-small-font-size\">Tout le programme de Grandes Terres en F\u00eate \u00e0 retrouver <a href=\"https:\/\/www.ville-feyzin.fr\/actualites\/711-grandes-terres-en-fete-2\">ici<\/a>. <\/p>\n\n\n<div class=\"wp-block-image\">\n<figure class=\"aligncenter size-full is-resized\"><img loading=\"lazy\" decoding=\"async\" width=\"680\" height=\"466\" src=\"https:\/\/cosmos-culture-ecologie.com\/wp-content\/uploads\/2025\/05\/GrandesTerres-web.jpg\" alt=\"\" class=\"wp-image-3301\" style=\"width:472px;height:auto\" srcset=\"https:\/\/cosmos-culture-ecologie.com\/wp-content\/uploads\/2025\/05\/GrandesTerres-web.jpg 680w, https:\/\/cosmos-culture-ecologie.com\/wp-content\/uploads\/2025\/05\/GrandesTerres-web-300x206.jpg 300w\" sizes=\"auto, (max-width: 680px) 85vw, 680px\" \/><\/figure><\/div>","protected":false},"excerpt":{"rendered":"<p>Samedi 7 juin \u00e0 16h30 au Fort de FeyzinAcc\u00e8s libre,\u00a0inscription\u00a0recommand\u00e9e Randonn\u00e9e singuli\u00e8re : une d\u00e9ambulation naturaliste, g\u00e9ographe, po\u00e9tique et musicale Par la Compagnie Migrations et L\u2019Atelier des Confins. Th\u00e9\u00e2tre, musique, g\u00e9ographie et po\u00e9sie, 1h, pour tous les publics Randonn\u00e9e singuli\u00e8re, d\u00e9ambulation sensible et sur-mesure au sein du Fort de Feyzin, en compagnie d\u2019un naturaliste-g\u00e9ographe, d\u2019une &hellip; <a href=\"https:\/\/cosmos-culture-ecologie.com\/?page_id=3256\" class=\"more-link\">Continuer la lecture<span class=\"screen-reader-text\"> de &laquo;&nbsp;Grandes Terres en F\u00eate au Fort de Feyzin&nbsp;&raquo;<\/span><\/a><\/p>\n","protected":false},"author":1,"featured_media":0,"parent":0,"menu_order":0,"comment_status":"closed","ping_status":"closed","template":"","meta":{"footnotes":""},"class_list":["post-3256","page","type-page","status-publish","hentry"],"_links":{"self":[{"href":"https:\/\/cosmos-culture-ecologie.com\/index.php?rest_route=\/wp\/v2\/pages\/3256","targetHints":{"allow":["GET"]}}],"collection":[{"href":"https:\/\/cosmos-culture-ecologie.com\/index.php?rest_route=\/wp\/v2\/pages"}],"about":[{"href":"https:\/\/cosmos-culture-ecologie.com\/index.php?rest_route=\/wp\/v2\/types\/page"}],"author":[{"embeddable":true,"href":"https:\/\/cosmos-culture-ecologie.com\/index.php?rest_route=\/wp\/v2\/users\/1"}],"replies":[{"embeddable":true,"href":"https:\/\/cosmos-culture-ecologie.com\/index.php?rest_route=%2Fwp%2Fv2%2Fcomments&post=3256"}],"version-history":[{"count":6,"href":"https:\/\/cosmos-culture-ecologie.com\/index.php?rest_route=\/wp\/v2\/pages\/3256\/revisions"}],"predecessor-version":[{"id":3362,"href":"https:\/\/cosmos-culture-ecologie.com\/index.php?rest_route=\/wp\/v2\/pages\/3256\/revisions\/3362"}],"wp:attachment":[{"href":"https:\/\/cosmos-culture-ecologie.com\/index.php?rest_route=%2Fwp%2Fv2%2Fmedia&parent=3256"}],"curies":[{"name":"wp","href":"https:\/\/api.w.org\/{rel}","templated":true}]}}