{"id":301,"date":"2020-02-26T10:09:06","date_gmt":"2020-02-26T09:09:06","guid":{"rendered":"http:\/\/cosmos-culture-ecologie.com\/?page_id=301"},"modified":"2022-12-29T15:48:58","modified_gmt":"2022-12-29T14:48:58","slug":"revue-de-presse","status":"publish","type":"page","link":"https:\/\/cosmos-culture-ecologie.com\/?page_id=301","title":{"rendered":"Revue de presse"},"content":{"rendered":"\n<p>> L\u2019aventure de la cr\u00e9ation de Cosmos \u2013 culture et \u00e9cologie a \u00e9t\u00e9 croqu\u00e9e en BD par les soins d\u2019Anne Belot, pour le magazine Agir \u00e0 Lyon, publi\u00e9 par l\u2019association Anciela, merci \u00e0 elle et eux !<\/p>\n\n\n\n<p><a rel=\"noreferrer noopener\" href=\"https:\/\/annebelot.fr\/index.php\/2022\/11\/29\/cosmos-culture-et-ecologie-lart-au-service-du-vivant\/\" target=\"_blank\">Vous pouvez d\u00e9couvrir la BD ici !<\/a><\/p>\n\n\n\n<p><\/p>\n\n\n\n<p>> <strong>France 3 au 1er Rendez-vous Cosmos !<\/strong><\/p>\n\n\n\n<p><strong>Fran\u00e7ois Sarano et Cosmos &#8211; culture et \u00e9cologie \u00e0 la rencontre des enfants de Rillieux-la-Pape : reportage de France 3 pour le journal du soir, \u00e9dition de proximit\u00e9, \u00e0 visionner <a href=\"http:\/\/youtube.com\/watch?v=AxtXHINVmyQ&amp;t=5s\">ici<\/a>.<\/strong> <\/p>\n\n\n\n<p><\/p>\n\n\n\n<p>> C<strong>osmos &#8211; culture et \u00e9cologie dans Le Progr\u00e8s<\/strong><\/p>\n\n\n\n<figure class=\"wp-block-image size-large is-resized\"><img loading=\"lazy\" decoding=\"async\" src=\"https:\/\/cosmos-culture-ecologie.com\/wp-content\/uploads\/2020\/02\/Le-Progre\u0300s-lundi-30-de\u0301cembre-Cosmos-culture-et-e\u0301cologie-1024x735.jpeg\" alt=\"\" class=\"wp-image-308\" width=\"689\" height=\"494\" srcset=\"https:\/\/cosmos-culture-ecologie.com\/wp-content\/uploads\/2020\/02\/Le-Progre\u0300s-lundi-30-de\u0301cembre-Cosmos-culture-et-e\u0301cologie-1024x735.jpeg 1024w, https:\/\/cosmos-culture-ecologie.com\/wp-content\/uploads\/2020\/02\/Le-Progre\u0300s-lundi-30-de\u0301cembre-Cosmos-culture-et-e\u0301cologie-300x215.jpeg 300w, https:\/\/cosmos-culture-ecologie.com\/wp-content\/uploads\/2020\/02\/Le-Progre\u0300s-lundi-30-de\u0301cembre-Cosmos-culture-et-e\u0301cologie-768x551.jpeg 768w, https:\/\/cosmos-culture-ecologie.com\/wp-content\/uploads\/2020\/02\/Le-Progre\u0300s-lundi-30-de\u0301cembre-Cosmos-culture-et-e\u0301cologie-1200x861.jpeg 1200w, https:\/\/cosmos-culture-ecologie.com\/wp-content\/uploads\/2020\/02\/Le-Progre\u0300s-lundi-30-de\u0301cembre-Cosmos-culture-et-e\u0301cologie.jpeg 1239w\" sizes=\"auto, (max-width: 689px) 85vw, 689px\" \/><figcaption><br><br><strong><br><\/strong><\/figcaption><\/figure>\n\n\n\n<blockquote class=\"wp-block-quote is-layout-flow wp-block-quote-is-layout-flow\"><p><strong>Fran\u00e7ois Sarano et le premier Rendez-vous Cosmos, dans le formidable magazine culturel pour les familles <\/strong><em>Grains de sel<\/em><\/p><\/blockquote>\n\n\n\n<figure class=\"wp-block-gallery columns-2 is-cropped wp-block-gallery-1 is-layout-flex wp-block-gallery-is-layout-flex\"><ul class=\"blocks-gallery-grid\"><li class=\"blocks-gallery-item\"><figure><img decoding=\"async\" src=\"https:\/\/cosmos-culture-ecologie.com\/wp-content\/uploads\/2020\/02\/20191216_103141-768x1024.jpeg\" alt=\"\" data-id=\"315\" data-link=\"https:\/\/cosmos-culture-ecologie.com\/?attachment_id=315\" class=\"wp-image-315\"\/><\/figure><\/li><li class=\"blocks-gallery-item\"><figure><img loading=\"lazy\" decoding=\"async\" width=\"446\" height=\"598\" src=\"https:\/\/cosmos-culture-ecologie.com\/wp-content\/uploads\/2020\/02\/1-1.jpeg\" alt=\"\" data-id=\"317\" data-full-url=\"https:\/\/cosmos-culture-ecologie.com\/wp-content\/uploads\/2020\/02\/1-1.jpeg\" data-link=\"https:\/\/cosmos-culture-ecologie.com\/?attachment_id=317\" class=\"wp-image-317\" srcset=\"https:\/\/cosmos-culture-ecologie.com\/wp-content\/uploads\/2020\/02\/1-1.jpeg 446w, https:\/\/cosmos-culture-ecologie.com\/wp-content\/uploads\/2020\/02\/1-1-224x300.jpeg 224w\" sizes=\"auto, (max-width: 446px) 85vw, 446px\" \/><\/figure><\/li><\/ul><figcaption class=\"blocks-gallery-caption\"><strong><br><\/strong><br><br><br><\/figcaption><\/figure>\n\n\n\n<blockquote class=\"wp-block-quote is-layout-flow wp-block-quote-is-layout-flow\"><p><strong>Cosmos &#8211; culture et \u00e9cologie dans <\/strong><em>Le Petit Bulletin<\/em><\/p><\/blockquote>\n\n\n\n<figure class=\"wp-block-gallery columns-2 is-cropped wp-block-gallery-2 is-layout-flex wp-block-gallery-is-layout-flex\"><ul class=\"blocks-gallery-grid\"><li class=\"blocks-gallery-item\"><figure><img decoding=\"async\" src=\"https:\/\/cosmos-culture-ecologie.com\/wp-content\/uploads\/2020\/02\/Petit-Bulletin-8-janvier-2020-Article-complet-768x1024.jpg\" alt=\"\" data-id=\"311\" class=\"wp-image-311\"\/><\/figure><\/li><li class=\"blocks-gallery-item\"><figure><img decoding=\"async\" src=\"https:\/\/cosmos-culture-ecologie.com\/wp-content\/uploads\/2020\/02\/Petit-Bulletin-8-janvier-2020-UNE-1-768x1024.jpg\" alt=\"\" data-id=\"312\" data-full-url=\"https:\/\/cosmos-culture-ecologie.com\/wp-content\/uploads\/2020\/02\/Petit-Bulletin-8-janvier-2020-UNE-1-scaled.jpg\" data-link=\"https:\/\/cosmos-culture-ecologie.com\/?attachment_id=312\" class=\"wp-image-312\"\/><\/figure><\/li><\/ul><\/figure>\n\n\n\n<div class=\"wp-block-image\"><figure class=\"aligncenter size-large is-resized\"><img loading=\"lazy\" decoding=\"async\" src=\"https:\/\/cosmos-culture-ecologie.com\/wp-content\/uploads\/2020\/02\/Petit-Bulletin-8-janvier-2020-De\u0301tail-article-1-1-768x1024.jpg\" alt=\"\" class=\"wp-image-313\" width=\"332\" height=\"443\" srcset=\"https:\/\/cosmos-culture-ecologie.com\/wp-content\/uploads\/2020\/02\/Petit-Bulletin-8-janvier-2020-De\u0301tail-article-1-1-768x1024.jpg 768w, https:\/\/cosmos-culture-ecologie.com\/wp-content\/uploads\/2020\/02\/Petit-Bulletin-8-janvier-2020-De\u0301tail-article-1-1-225x300.jpg 225w, https:\/\/cosmos-culture-ecologie.com\/wp-content\/uploads\/2020\/02\/Petit-Bulletin-8-janvier-2020-De\u0301tail-article-1-1-1152x1536.jpg 1152w, https:\/\/cosmos-culture-ecologie.com\/wp-content\/uploads\/2020\/02\/Petit-Bulletin-8-janvier-2020-De\u0301tail-article-1-1-1536x2048.jpg 1536w, https:\/\/cosmos-culture-ecologie.com\/wp-content\/uploads\/2020\/02\/Petit-Bulletin-8-janvier-2020-De\u0301tail-article-1-1-1200x1600.jpg 1200w, https:\/\/cosmos-culture-ecologie.com\/wp-content\/uploads\/2020\/02\/Petit-Bulletin-8-janvier-2020-De\u0301tail-article-1-1-scaled.jpg 1920w\" sizes=\"auto, (max-width: 332px) 85vw, 332px\" \/><figcaption><br><br><br><\/figcaption><\/figure><\/div>\n\n\n\n<p><\/p>\n\n\n\n<blockquote class=\"wp-block-quote is-layout-flow wp-block-quote-is-layout-flow\"><p><strong>Cosmos &#8211; culture et \u00e9cologie, invit\u00e9e de Herv\u00e9 Laurent sur Radio Pluriel, pour son \u00e9mission <\/strong><em>De Lyon en large<\/em><strong>.<\/strong><\/p><\/blockquote>\n\n\n\n<figure class=\"wp-block-embed-wordpress wp-block-embed is-type-wp-embed is-provider-radio-pluriel\"><div class=\"wp-block-embed__wrapper\">\nhttps:\/\/www.radiopluriel.fr\/pauline-de-boever-presente-cosmos-un-projet-culture-et-ecologie\/\n<\/div><figcaption><br><\/figcaption><\/figure>\n\n\n\n<p><\/p>\n\n\n\n<blockquote class=\"wp-block-quote is-layout-flow wp-block-quote-is-layout-flow\"><p>Le premier Rendez-vous Cosmos dans <em><strong>AGIR &#8211; le magazine d&rsquo;Anciela<\/strong><\/em> <\/p><\/blockquote>\n\n\n<figure class=\"wp-block-image is-resized\"><img loading=\"lazy\" decoding=\"async\" class=\"wp-image-318 aligncenter\" src=\"https:\/\/cosmos-culture-ecologie.com\/wp-content\/uploads\/2020\/02\/20-en-famille-AGIR-ANCIELA-ZOOM.png\" alt=\"\" width=\"552\" height=\"526\" srcset=\"https:\/\/cosmos-culture-ecologie.com\/wp-content\/uploads\/2020\/02\/20-en-famille-AGIR-ANCIELA-ZOOM.png 434w, https:\/\/cosmos-culture-ecologie.com\/wp-content\/uploads\/2020\/02\/20-en-famille-AGIR-ANCIELA-ZOOM-300x286.png 300w\" sizes=\"auto, (max-width: 552px) 85vw, 552px\" \/><\/figure>","protected":false},"excerpt":{"rendered":"<p>> L\u2019aventure de la cr\u00e9ation de Cosmos \u2013 culture et \u00e9cologie a \u00e9t\u00e9 croqu\u00e9e en BD par les soins d\u2019Anne Belot, pour le magazine Agir \u00e0 Lyon, publi\u00e9 par l\u2019association Anciela, merci \u00e0 elle et eux ! Vous pouvez d\u00e9couvrir la BD ici ! > France 3 au 1er Rendez-vous Cosmos ! Fran\u00e7ois Sarano et &hellip; <a href=\"https:\/\/cosmos-culture-ecologie.com\/?page_id=301\" class=\"more-link\">Continuer la lecture<span class=\"screen-reader-text\"> de &laquo;&nbsp;Revue de presse&nbsp;&raquo;<\/span><\/a><\/p>\n","protected":false},"author":1,"featured_media":0,"parent":0,"menu_order":0,"comment_status":"closed","ping_status":"closed","template":"","meta":{"footnotes":""},"class_list":["post-301","page","type-page","status-publish","hentry"],"_links":{"self":[{"href":"https:\/\/cosmos-culture-ecologie.com\/index.php?rest_route=\/wp\/v2\/pages\/301","targetHints":{"allow":["GET"]}}],"collection":[{"href":"https:\/\/cosmos-culture-ecologie.com\/index.php?rest_route=\/wp\/v2\/pages"}],"about":[{"href":"https:\/\/cosmos-culture-ecologie.com\/index.php?rest_route=\/wp\/v2\/types\/page"}],"author":[{"embeddable":true,"href":"https:\/\/cosmos-culture-ecologie.com\/index.php?rest_route=\/wp\/v2\/users\/1"}],"replies":[{"embeddable":true,"href":"https:\/\/cosmos-culture-ecologie.com\/index.php?rest_route=%2Fwp%2Fv2%2Fcomments&post=301"}],"version-history":[{"count":14,"href":"https:\/\/cosmos-culture-ecologie.com\/index.php?rest_route=\/wp\/v2\/pages\/301\/revisions"}],"predecessor-version":[{"id":2231,"href":"https:\/\/cosmos-culture-ecologie.com\/index.php?rest_route=\/wp\/v2\/pages\/301\/revisions\/2231"}],"wp:attachment":[{"href":"https:\/\/cosmos-culture-ecologie.com\/index.php?rest_route=%2Fwp%2Fv2%2Fmedia&parent=301"}],"curies":[{"name":"wp","href":"https:\/\/api.w.org\/{rel}","templated":true}]}}