{"id":1538,"date":"2021-11-23T15:53:35","date_gmt":"2021-11-23T14:53:35","guid":{"rendered":"https:\/\/cosmos-culture-ecologie.com\/?page_id=1538"},"modified":"2023-11-17T15:35:32","modified_gmt":"2023-11-17T14:35:32","slug":"une-journee-avec-alain-cavalier","status":"publish","type":"page","link":"https:\/\/cosmos-culture-ecologie.com\/?page_id=1538","title":{"rendered":"Une journ\u00e9e avec Alain Cavalier"},"content":{"rendered":"\n<p class=\"has-text-align-center\">Les C\u00e9lestins, Th\u00e9\u00e2tre de Lyon et L\u2019Harmonie communale pr\u00e9sentent&nbsp;<\/p>\n\n\n\n<p class=\"has-text-align-center has-medium-font-size\"><strong>Invitation \u00e0 Alain Cavalier&nbsp;<\/strong><\/p>\n\n\n\n<p class=\"has-text-align-center\"><strong>autour de son film <em>Th\u00e9r\u00e8se <\/em><\/strong>(1986) <strong>et de la pi\u00e8ce <em>La Peur <\/em>de Fran\u00e7ois Hien, actuellement aux C\u00e9lestins<\/strong><\/p>\n\n\n\n<p class=\"has-text-align-left has-small-font-size\">Ev\u00e9nement ! Le cin\u00e9aste Alain Cavalier sera \u00e0 Lyon samedi 4 d\u00e9cembre pour deux rendez-vous, cin\u00e9ma et th\u00e9\u00e2tre. A 16h au Comoedia, il accompagnera la projection de la copie restaur\u00e9e de <em>Th\u00e9r\u00e8se<\/em>, sorti en 1986, et r\u00e9compens\u00e9 de six C\u00e9sars. Jalon aussi incontournable que marquant de son oeuvre, ce film a \u00e9t\u00e9 une forte source d\u2019inspiration pour la pi\u00e8ce <em>La Peur <\/em>de Fran\u00e7ois Hien, qui se joue aux C\u00e9lestins jusqu\u2019au 5 d\u00e9cembre. Alain Cavalier \u00e9changera \u00e9galement avec le public \u00e0 l\u2019issue de la repr\u00e9sentation le soir-m\u00eame.<\/p>\n\n\n\n<p class=\"has-text-align-center\" style=\"font-size:12px\">Une journ\u00e9e propos\u00e9e par Les C\u00e9lestins, Th\u00e9\u00e2tre de Lyon, la compagnie L&rsquo;Harmonie communale, en partenariat avec Cosmos &#8211; culture et \u00e9cologie et le collectif M\u00e9t\u00e9orites.<\/p>\n\n\n\n<p style=\"font-size:17px\"><strong><strong>Samedi 4 d\u00e9cembre&nbsp;<\/strong>, une journ\u00e9e avec Alain Cavalier&nbsp;<\/strong><\/p>\n\n\n\n<p style=\"font-size:15px\"><strong>\u00c0 16h, au Cin\u00e9ma Comoedia<\/strong>, <strong><em>Th\u00e9r\u00e8se<\/em> d\u2019Alain Cavalier<\/strong>(Fr, 1986, 1h30, coul)<\/p>\n\n\n\n<p style=\"font-size:15px\"><strong>Pr\u00e9sent\u00e9 par Alain Cavalier et suivi d\u2019une rencontre avec le cin\u00e9aste et Emmanuel Manzano, monteur, anim\u00e9e par Fran\u00e7ois Hien.<\/strong><\/p>\n\n\n\n<p class=\"has-small-font-size\">Th\u00e9r\u00e8se Martin entre au Carmel de Lisieux avec ses trois soeurs \u00e0 la fin du dix-neuvi\u00e8me si\u00e8cle. Elle est gaie, ouverte, id\u00e9aliste. Les r\u00e9alit\u00e9s du couvent, son d\u00e9sir de perfection, la mort de son p\u00e8re, les privations et le manque de soins alt\u00e8rent sa sant\u00e9. Elle lutte \u00e0 la fois contre la souffrance physique et l\u2019\u00e9preuve de la foi. Elle meurt de tuberculose \u00e0 vingt-quatre ans en laissant un cahier o\u00f9 elle raconte sa \u201cpetite vie\u201d, qui sera traduit dans le monde entier.<\/p>\n\n\n\n<p class=\"has-small-font-size\">Avec <em>Th\u00e9r\u00e8se<\/em>, Alain Cavalier signe un film majeur du cin\u00e9ma fran\u00e7ais, d\u2019une \u00e9pure et d\u2019une sensibilit\u00e9 marquantes, port\u00e9 par la gr\u00e2ce de sa jeune et bouleversante interpr\u00e8te. Il a \u00e9t\u00e9 une inspiration tr\u00e8s forte pour le spectacle <em>La Peur.<\/em> Le film, longtemps impossible \u00e0 voir sur grand \u00e9cran, est pr\u00e9sent\u00e9 dans sa version restaur\u00e9e sous la supervision du cin\u00e9aste.&nbsp;<\/p>\n\n\n\n<p class=\"has-small-font-size\"><em>Avec Catherine Mouchet, Aurore Prieto, Sylvie Habault.&nbsp;Remerciements \u00e0 Tamasa Distribution.&nbsp;<\/em>Cin\u00e9ma Comoedia, 13 avenue Berthelot, Lyon 7e&nbsp;<\/p>\n\n\n\n<p class=\"has-small-font-size\"><strong>Nous vous recommandons vivement de prendre vos places \u00e0 l\u2019avance. Billetterie en ligne \u00e0 cette <a href=\"https:\/\/www.cinema-comoedia.com\/reserver\/\">adresse<\/a><\/strong> (rechercher le film \u00ab\u00a0Th\u00e9r\u00e8se\u00a0\u00bb dans le menu d\u00e9roulant)<strong>.<\/strong><\/p>\n\n\n\n<p><\/p>\n\n\n\n<p style=\"font-size:15px\"><strong>A 20h30, aux C\u00e9lestins<\/strong>, <strong><em>La<\/em> <em>Peur<\/em> de Fran\u00e7ois Hien&nbsp;<\/strong><\/p>\n\n\n\n<p style=\"font-size:15px\"><strong>Suivi d\u2019un bord de sc\u00e8ne en pr\u00e9sence d\u2019Alain Cavalier et de l\u2019\u00e9quipe artistique&nbsp;<\/strong><\/p>\n\n\n\n<p class=\"has-small-font-size\">Parce qu&rsquo;on a d\u00e9couvert sa liaison amoureuse, le p\u00e8re Gu\u00e9rin a perdu sa paroisse. Devenu le confesseur des hommes d&rsquo;\u00e9glise, il pr\u00e9vient la justice de la p\u00e9docriminalit\u00e9 du p\u00e8re Gr\u00e9sieux qu\u2019il a apprise en confession. Il pourrait d\u00e9noncer \u00e9galement le cardinal qui savait mais qui a gard\u00e9 le secret ; ce dernier le convainc de n&rsquo;en rien faire. Pour prix de son silence, le p\u00e8re Gu\u00e9rin retrouve une paroisse. Mais un jeune victime autrefois du p\u00e8re Gr\u00e9sieux, lui rend visite pour obtenir son t\u00e9moignage. S&rsquo;engage alors un dialogue qui bousculera profond\u00e9ment les deux hommes.<\/p>\n\n\n\n<p class=\"has-small-font-size\"><em>Une pi\u00e8ce de Fran\u00e7ois Hien. Mise en sc\u00e8ne Arthur Fourcade, Fran\u00e7ois Hien \/ Compagnie L\u2019Harmonie Communale. Avec Estelle Cl\u00e9ment-Bealem, Arthur Fourcade, Marc Jeancourt, Ryan Larras, Pascal C\u00e9sari.&nbsp;<\/em><\/p>\n\n\n\n<p class=\"has-small-font-size\">Jusqu\u2019au 5 d\u00e9cembre aux C\u00e9lestins. Billetterie sur ce lien<em>:<\/em> <a href=\"https:\/\/web.digitick.com\/la-peur-spectacle-css5-theatredescelestins-pg51-ei803223.html\">https:\/\/web.digitick.com\/la-peur-spectacle-css5-theatredescelestins-pg51-ei803223.html<\/a><\/p>\n\n\n\n<p class=\"has-small-font-size\">Bande annonce de <em>La Peur<\/em> : https:\/\/www.theatredescelestins.com\/saison-2021-2022\/spectacle\/la-peur\/<\/p>\n\n\n\n<p class=\"has-small-font-size\">C\u00e9lestins, Th\u00e9\u00e2tre de Lyon, 4 rue Charles Dullin, 69002&nbsp;Lyon<em>&nbsp;<\/em><\/p>\n\n\n\n<p class=\"has-text-align-center has-small-font-size\"><\/p>\n\n\n\n<p style=\"font-size:15px\"><strong>Alain Cavalier&nbsp;<\/strong><\/p>\n\n\n\n<p class=\"has-small-font-size\">A 90 ans, Alain Cavalier est sans doute le plus jeune des cin\u00e9astes-doyens du cin\u00e9ma fran\u00e7ais, tant il semble aborder son art avec une jeunesse, une inventivit\u00e9 et un questionnement toujours renouvel\u00e9s. Filmant toujours, accompagnant ses films en salles, comme en laboratoire avec r\u00e9cemment la restauration de <em>Th\u00e9r\u00e8se,<\/em> il poursuit la pratique son art avec un amour du cin\u00e9ma intact.&nbsp;<\/p>\n\n\n\n<p class=\"has-small-font-size\"><strong>Alain Cavalier au sujet de son travail sur <em>Th\u00e9r\u00e8se, <\/em>dans un entretien avec Serge Daney :&nbsp;<\/strong><\/p>\n\n\n\n<p class=\"has-small-font-size\"><em>\u00ab&nbsp;La Saintet\u00e9 est un probl\u00e8me que je ne me suis pas du tout pos\u00e9 mais je me suis pos\u00e9 le probl\u00e8me de s\u2019enfermer pour mieux s\u2019ouvrir. Quitter l\u2019accumulation des choses dans le monde ext\u00e9rieur pour se retrouver avec tr\u00e8s peu de choses et concentrer son \u00e9lan vital sur peu de choses. Je me suis pos\u00e9 le probl\u00e8me par exemple des objets, des regards, des visages et comment concentrer le regard et l\u2019oreille du spectateur sur des choses simples, des informations simples.&nbsp;\u00bb<\/em><\/p>\n\n\n\n<p class=\"has-small-font-size\"><strong>Filmographie<\/strong>&nbsp;<\/p>\n\n\n\n<p class=\"has-small-font-size\">1962 Le Combat dans l\u2019\u00eele 1964 L\u2019Insoumis 1967 Mise \u00e0 sac 1968 La Chamade 1976 Le Plein de super 1978 Martin et L\u00e9a 1978 Ce r\u00e9pondeur ne prend pas de messages 1981 Un \u00e9trange voyage 1986 Th\u00e9r\u00e8se 1990 24 Portraits 1993 Libera Me 1996 La Rencontre 2000 Vies 2002 Ren\u00e9 2005 Le Filmeur 2008 Les Braves 2009 Ir\u00e8ne 2010 Pater 2014 Le Paradis 2015 Le Caravage 2017 Six Portraits XL 2019 \u00catre vivant et le savoir<\/p>\n","protected":false},"excerpt":{"rendered":"<p>Les C\u00e9lestins, Th\u00e9\u00e2tre de Lyon et L\u2019Harmonie communale pr\u00e9sentent&nbsp; Invitation \u00e0 Alain Cavalier&nbsp; autour de son film Th\u00e9r\u00e8se (1986) et de la pi\u00e8ce La Peur de Fran\u00e7ois Hien, actuellement aux C\u00e9lestins Ev\u00e9nement ! Le cin\u00e9aste Alain Cavalier sera \u00e0 Lyon samedi 4 d\u00e9cembre pour deux rendez-vous, cin\u00e9ma et th\u00e9\u00e2tre. A 16h au Comoedia, il accompagnera &hellip; <a href=\"https:\/\/cosmos-culture-ecologie.com\/?page_id=1538\" class=\"more-link\">Continuer la lecture<span class=\"screen-reader-text\"> de &laquo;&nbsp;Une journ\u00e9e avec Alain Cavalier&nbsp;&raquo;<\/span><\/a><\/p>\n","protected":false},"author":1,"featured_media":0,"parent":0,"menu_order":0,"comment_status":"closed","ping_status":"closed","template":"","meta":{"footnotes":""},"class_list":["post-1538","page","type-page","status-publish","hentry"],"_links":{"self":[{"href":"https:\/\/cosmos-culture-ecologie.com\/index.php?rest_route=\/wp\/v2\/pages\/1538","targetHints":{"allow":["GET"]}}],"collection":[{"href":"https:\/\/cosmos-culture-ecologie.com\/index.php?rest_route=\/wp\/v2\/pages"}],"about":[{"href":"https:\/\/cosmos-culture-ecologie.com\/index.php?rest_route=\/wp\/v2\/types\/page"}],"author":[{"embeddable":true,"href":"https:\/\/cosmos-culture-ecologie.com\/index.php?rest_route=\/wp\/v2\/users\/1"}],"replies":[{"embeddable":true,"href":"https:\/\/cosmos-culture-ecologie.com\/index.php?rest_route=%2Fwp%2Fv2%2Fcomments&post=1538"}],"version-history":[{"count":10,"href":"https:\/\/cosmos-culture-ecologie.com\/index.php?rest_route=\/wp\/v2\/pages\/1538\/revisions"}],"predecessor-version":[{"id":2664,"href":"https:\/\/cosmos-culture-ecologie.com\/index.php?rest_route=\/wp\/v2\/pages\/1538\/revisions\/2664"}],"wp:attachment":[{"href":"https:\/\/cosmos-culture-ecologie.com\/index.php?rest_route=%2Fwp%2Fv2%2Fmedia&parent=1538"}],"curies":[{"name":"wp","href":"https:\/\/api.w.org\/{rel}","templated":true}]}}