{"id":1017,"date":"2020-04-19T15:06:14","date_gmt":"2020-04-19T13:06:14","guid":{"rendered":"http:\/\/cosmos-culture-ecologie.com\/?page_id=1017"},"modified":"2020-04-22T14:54:07","modified_gmt":"2020-04-22T12:54:07","slug":"invitation-a-hubert-charuel","status":"publish","type":"page","link":"https:\/\/cosmos-culture-ecologie.com\/?page_id=1017","title":{"rendered":"Invitation \u00e0 Hubert Charuel"},"content":{"rendered":"\n<p class=\"has-medium-font-size\"><strong>Cosmos Live : Film + Rencontre &#8211; Hommage au monde paysan<\/strong><\/p>\n\n\n\n<p class=\"has-medium-font-size\"><strong>Mercredi 22 avril \u00e0 20h02<\/strong><\/p>\n\n\n\n<p class=\"has-medium-font-size\"><strong>Invitation au cin\u00e9aste Hubert Charuel, \u00e0 Sylvaine et Jean-Paul Charuel, protagonistes de \u00ab\u00a0Les Vaches n&rsquo;auront plus de nom\u00a0\u00bb<\/strong><\/p>\n\n\n\n<p>En ces temps de confinement, Cosmos &#8211; culture et \u00e9cologie vous propose un premier Rendez-vous Cosmos en ligne, d\u00e9di\u00e9 au monde paysan. Nous aurons le grand plaisir d\u2019accueillir virtuellement le cin\u00e9aste Hubert Charuel, r\u00e9alisateur de \u00ab\u00a0Petit paysan\u00a0\u00bb, qui accompagnera la diffusion de son documentaire \u00ab\u00a0Les Vaches n\u2019auront plus de nom\u00a0\u00bb (2019, 51min). Ses parents Sylvaine et Jean-Paul Charuel, les personnages centraux du film, seront \u00e9galement des n\u00f4tres. <br>L\u2019occasion d\u2019\u00e9changer sur l\u2019agriculture, pivot essentiel de nos soci\u00e9t\u00e9s, sur les mutations qu\u2019elle est appel\u00e9e \u00e0 op\u00e9rer pour r\u00e9pondre aux enjeux \u00e9cologiques, sur les bouleversements que le monde paysan subit dans ce contexte d\u2019\u00e9pid\u00e9mie, et de rendre hommage aux paysans. <\/p>\n\n\n\n<p style=\"font-size:15px\"><em>Remerciements \u00e0 Douk-Douk Productions. <\/em><\/p>\n\n\n\n<div class=\"wp-block-group\"><div class=\"wp-block-group__inner-container is-layout-flow wp-block-group-is-layout-flow\">\n<div class=\"wp-block-image\"><figure class=\"aligncenter is-resized\"><img loading=\"lazy\" decoding=\"async\" src=\"https:\/\/fr.web.img4.acsta.net\/pictures\/19\/12\/17\/14\/42\/3879247.jpg\" alt=\"Les Vaches n'auront plus de nom - film 2019 - AlloCin\u00e9\" width=\"253\" height=\"358\"\/><\/figure><\/div>\n\n\n\n<p style=\"font-size:17px\"><strong><em>Les Vaches n\u2019auront plus de nom<\/em><\/strong> de Hubert Charuel <\/p>\n<\/div><\/div>\n\n\n\n<p style=\"font-size:14px\">(Doc, Fr, 2019, 51min, coul)<\/p>\n\n\n\n<p>\u00ab\u00a0Ma m\u00e8re, mon p\u00e8re, les vaches et moi : c\u2019est notre vie depuis que je suis n\u00e9. Tout le temps, tous les jours. Mais les choses vont changer. Mon p\u00e8re prend sa retraite qu\u2019il attendait avec impatience. Ma m\u00e8re et ses vaches vont d\u00e9m\u00e9nager dans une autre exploitation. La ferme de mes parents va disparaitre parce que je ne l\u2019ai pas reprise. Ma m\u00e8re ne veut pas que \u00e7a s\u2019arr\u00eate mais elle va devoir tourner la page la plus importante de sa vie.\u00a0\u00bb (Hubert Charuel)<\/p>\n\n\n\n<p>Alors que son pr\u00e9c\u00e9dent film abordait la question de la paysannerie par le biais d\u2019une crise sanitaire majeure (vache folle) et sous la forme d\u2019une fiction (\u00ab\u00a0Petit Paysan\u00a0\u00bb, C\u00e9sar du Meilleur Premier Film 2018), Hubert Charuel raconte cette fois les transformations du m\u00e9tier, d\u2019un point de vue personnel. Alors que son p\u00e8re prend sa retraite, sa m\u00e8re doit r\u00e9adapter sa fa\u00e7on de travailler et les conditions d\u2019exploitation de son troupeau de vaches. Elle devra les d\u00e9m\u00e9nager vers une ferme industrielle, ultra-moderne. S\u00e9lection au festival de cin\u00e9ma documentaire Visions du r\u00e9el, \u00e0 Nyon (Suisse) et au festival C\u00f4t\u00e9 court \u00e0 Pantin. <\/p>\n\n\n\n<p><strong>&gt; Le film sera pr\u00e9sent\u00e9 et suivi d\u2019une rencontre et d\u00e9bat avec les Hubert, Sylvaine et Jean-Paul Charuel.<\/strong><\/p>\n\n\n\n<div class=\"wp-block-image\"><figure class=\"aligncenter is-resized\"><img loading=\"lazy\" decoding=\"async\" src=\"https:\/\/www.comitedufilmethnographique.com\/wp-content\/uploads\/2019\/09\/vaches-n-auront-plus-de-nom_vache-qui-danse-resized-1024x585.jpg\" alt=\"Les vaches n'auront plus de nom, un film de Hubert Charuel (France ...\" width=\"452\" height=\"257\"\/><figcaption>Sylvaine Charuel et la vache Verdure<\/figcaption><\/figure><\/div>\n\n\n\n<p style=\"font-size:17px\"><br><strong>&gt; Comment assister \u00e0 cette s\u00e9ance ? <\/strong><\/p>\n\n\n\n<p>La s\u00e9ance sera propos\u00e9e sur la plateforme Zoom. Si vous n\u2019avez pas de compte sur cette plateforme, il vous faut installer ce logiciel sur votre ordinateur ou l\u2019appli sur votre t\u00e9l\u00e9phone (c\u2019est rapide et gratuit). Il suffira ensuite de cliquer sur le lien suivant le soir-m\u00eame : https:\/\/us02web.zoom.us\/j\/85132867762 i<br>Vous rejoindrez alors la rencontre et la diffusion en ligne du documentaire. Apr\u00e8s le film, vous pourrez poser vos questions aux invit\u00e9s par \u00e9crit ou par oral.  <\/p>\n\n\n\n<p><strong>Vous avez une connexion parfois al\u00e9atoire ? <\/strong>Dans ce cas, vous pourrez assister \u00e0 la pr\u00e9sentation sur Zoom puis visionner le film sur la <strong>cha\u00eene Vimeo de Douk-Douk Productions<\/strong>, producteur du film, sur laquelle il sera accessible le jour m\u00eame (et uniquement!) \u00e0 partir de 14h, pour vous permettre de le visionner au moment qui vous convient le mieux. Vous pourrez ensuite rejoindre la rencontre de nouveau sur Zoom. Voici le lien vers la cha\u00eene Vimeo de Douk-Douk Productions : <a rel=\"noreferrer noopener\" href=\"https:\/\/vimeo.com\/305358633\" target=\"_blank\">https:\/\/vimeo.com\/305358633<\/a> (En plus, vous r\u00e9duirez votre empreinte carbone en le visionnant sur Vimeo !)<\/p>\n\n\n\n<p><\/p>\n\n\n\n<div class=\"wp-block-image\"><figure class=\"aligncenter is-resized\"><img loading=\"lazy\" decoding=\"async\" src=\"https:\/\/medias.unifrance.org\/medias\/220\/59\/211932\/format_page\/les-vaches-n-auront-plus-de-nom.jpg\" alt=\"Les Vaches n'auront plus de nom de Hubert Charuel (2019) - UniFrance\" width=\"438\" height=\"274\"\/><\/figure><\/div>\n\n\n\n<p style=\"font-size:17px\"><br><strong>&gt; Une soir\u00e9e propos\u00e9e en soutien \u00e0 Emma\u00fcs Roya <\/strong><\/p>\n\n\n\n<p>Cosmos &#8211; culture et \u00e9cologie et Douk-Douk Productions s&rsquo;associent pour vous offrir cette s\u00e9ance. A cette occasion, nous proposons aux participants de soutenir <a href=\"https:\/\/www.helloasso.com\/associations\/defends%20ta%20citoyennete%20emmaus%20roya%20fondateur%20abbe%20pierre\/collectes\/soutenez-le-le-bol-d-air-d-emmaus-roya\">Emma\u00fcs Roya<\/a>, la premi\u00e8re communaut\u00e9 Emma\u00fcs paysanne, initi\u00e9e sur la ferme de C\u00e9dric Herrou, agriculteur connu pour l\u2019aide qu\u2019il a apport\u00e9e avec tout un collectif local aux personnes en migration dans la Vall\u00e9e de la Roya. <\/p>\n\n\n\n<p style=\"font-size:15px\">Lien pour soutenir les projets d&rsquo;Emma\u00fcs Roya : https:\/\/www.helloasso.com\/associations\/defends%20ta%20citoyennete%20emmaus%20roya%20fondateur%20abbe%20pierre\/collectes\/soutenez-le-le-bol-d-air-d-emmaus-roya<\/p>\n\n\n\n<p style=\"font-size:17px\"><strong>Lien vers l&rsquo;\u00e9v\u00e9nement Facebook <\/strong><a href=\"https:\/\/www.facebook.com\/events\/229512071617021\/\">ici<\/a>.<\/p>\n\n\n\n<p style=\"font-size:17px\"><strong>En savoir plus : <\/strong><\/p>\n\n\n\n<p style=\"font-size:17px\"><strong>A propos d&rsquo;Hubert Charuel<\/strong><\/p>\n\n\n\n<p>N\u00e9 en 1985, Hubert Charuel, dipl\u00f4m\u00e9 de la F\u00e9mis en production en 2011, a r\u00e9alis\u00e9 plusieurs courts m\u00e9trages. En 2016, il signe son premier long m\u00e9trage,&nbsp;<em>Petit Paysan<\/em>, en 2016, le portrait beau et bouleversant d\u2019un jeune agriculteur confront\u00e9 \u00e0 l\u2019\u00e9pid\u00e9mie qui touche son troupeau. Le film re\u00e7oit un superbe accueil critique et publique (550.000 spectateurs), et est r\u00e9compens\u00e9 de trois C\u00e9sar dont celui du premier film.&nbsp;<\/p>\n\n\n\n<p style=\"font-size:17px\"><strong>A propos du film<\/strong><\/p>\n\n\n\n<p>&gt; <a href=\"https:\/\/www.telerama.fr\/cinema\/a-pantin,-le-documentaire-emouvant-et-drolissime-dhubert-charuel-sur-la-ferme-de-ses-parents,n6284923.php\">A lire dans <em>T\u00e9l\u00e9rama<\/em> <\/a>: \u00ab&nbsp;Un documentaire dr\u00f4lissime et \u00e9mouvant.&nbsp;\u00bb&nbsp; <\/p>\n\n\n\n<p>> <a href=\"https:\/\/france3-regions.francetvinfo.fr\/grand-est\/vaches-n-auront-plus-nom-3-raisons-regarder-film-hubert-charuel-france-3-grand-est-1790491.html\">Trois raisons de voir le film, par France 3\u00a0<\/a>(attention, spoiler!)<\/p>\n\n\n\n<p>> Le film est \u00e9galement propos\u00e9 en acc\u00e8s libre sur le site de <a href=\"https:\/\/www.mediapart.fr\/studio\/documentaires\/culture-idees\/bientot-les-vaches-n-auront-plus-de-nom\">Mediapart<\/a> pour leurs abonn\u00e9s. <\/p>\n\n\n\n<p><br>Au grand plaisir de vous retrouver en ligne !<\/p>\n\n\n\n<p style=\"font-size:15px\"><br>Remerciements chaleureux \u00e0 Douk-Douk Productions, \u00e0 Hubert, Sylvaine et Jean-Paul Charuel qui ont rendu cette s\u00e9ance possible. <\/p>\n","protected":false},"excerpt":{"rendered":"<p>Cosmos Live : Film + Rencontre &#8211; Hommage au monde paysan Mercredi 22 avril \u00e0 20h02 Invitation au cin\u00e9aste Hubert Charuel, \u00e0 Sylvaine et Jean-Paul Charuel, protagonistes de \u00ab\u00a0Les Vaches n&rsquo;auront plus de nom\u00a0\u00bb En ces temps de confinement, Cosmos &#8211; culture et \u00e9cologie vous propose un premier Rendez-vous Cosmos en ligne, d\u00e9di\u00e9 au monde &hellip; <a href=\"https:\/\/cosmos-culture-ecologie.com\/?page_id=1017\" class=\"more-link\">Continuer la lecture<span class=\"screen-reader-text\"> de &laquo;&nbsp;Invitation \u00e0 Hubert Charuel&nbsp;&raquo;<\/span><\/a><\/p>\n","protected":false},"author":1,"featured_media":0,"parent":0,"menu_order":0,"comment_status":"closed","ping_status":"closed","template":"","meta":{"footnotes":""},"class_list":["post-1017","page","type-page","status-publish","hentry"],"_links":{"self":[{"href":"https:\/\/cosmos-culture-ecologie.com\/index.php?rest_route=\/wp\/v2\/pages\/1017","targetHints":{"allow":["GET"]}}],"collection":[{"href":"https:\/\/cosmos-culture-ecologie.com\/index.php?rest_route=\/wp\/v2\/pages"}],"about":[{"href":"https:\/\/cosmos-culture-ecologie.com\/index.php?rest_route=\/wp\/v2\/types\/page"}],"author":[{"embeddable":true,"href":"https:\/\/cosmos-culture-ecologie.com\/index.php?rest_route=\/wp\/v2\/users\/1"}],"replies":[{"embeddable":true,"href":"https:\/\/cosmos-culture-ecologie.com\/index.php?rest_route=%2Fwp%2Fv2%2Fcomments&post=1017"}],"version-history":[{"count":15,"href":"https:\/\/cosmos-culture-ecologie.com\/index.php?rest_route=\/wp\/v2\/pages\/1017\/revisions"}],"predecessor-version":[{"id":1050,"href":"https:\/\/cosmos-culture-ecologie.com\/index.php?rest_route=\/wp\/v2\/pages\/1017\/revisions\/1050"}],"wp:attachment":[{"href":"https:\/\/cosmos-culture-ecologie.com\/index.php?rest_route=%2Fwp%2Fv2%2Fmedia&parent=1017"}],"curies":[{"name":"wp","href":"https:\/\/api.w.org\/{rel}","templated":true}]}}